{"id":28915,"date":"2020-12-10T11:05:26","date_gmt":"2020-12-10T10:05:26","guid":{"rendered":"http:\/\/tomaschett.brentex.ch\/?page_id=28915"},"modified":"2023-04-27T15:24:08","modified_gmt":"2023-04-27T13:24:08","slug":"angebot","status":"publish","type":"page","link":"http:\/\/www.tomaschett-praxis.ch\/it\/angebot\/","title":{"rendered":"Prestazioni"},"content":{"rendered":"<div data-elementor-type=\"wp-page\" data-elementor-id=\"28915\" class=\"elementor elementor-28915\" data-elementor-post-type=\"page\">\n\t\t\t\t\t\t<section class=\"elementor-section elementor-top-section elementor-element elementor-element-67b0e0e elementor-section-full_width elementor-section-height-min-height elementor-section-height-default elementor-section-items-middle\" data-id=\"67b0e0e\" data-element_type=\"section\" data-settings=\"{&quot;background_background&quot;:&quot;classic&quot;,&quot;background_motion_fx_motion_fx_scrolling&quot;:&quot;yes&quot;,&quot;background_motion_fx_translateY_effect&quot;:&quot;yes&quot;,&quot;background_motion_fx_translateY_direction&quot;:&quot;negative&quot;,&quot;background_motion_fx_translateY_speed&quot;:{&quot;unit&quot;:&quot;px&quot;,&quot;size&quot;:4,&quot;sizes&quot;:[]},&quot;background_motion_fx_translateY_affectedRange&quot;:{&quot;unit&quot;:&quot;%&quot;,&quot;size&quot;:&quot;&quot;,&quot;sizes&quot;:{&quot;start&quot;:0,&quot;end&quot;:100}},&quot;background_motion_fx_devices&quot;:[&quot;desktop&quot;,&quot;tablet&quot;,&quot;mobile&quot;]}\">\n\t\t\t\t\t\t\t<div class=\"elementor-background-overlay\"><\/div>\n\t\t\t\t\t\t\t<div class=\"elementor-container elementor-column-gap-default\">\n\t\t\t\t\t<div class=\"elementor-column elementor-col-100 elementor-top-column elementor-element elementor-element-a2ed529\" data-id=\"a2ed529\" data-element_type=\"column\">\n\t\t\t<div class=\"elementor-widget-wrap elementor-element-populated\">\n\t\t\t\t\t\t<div class=\"elementor-element elementor-element-c089ca0 elementor-widget elementor-widget-heading\" data-id=\"c089ca0\" data-element_type=\"widget\" data-widget_type=\"heading.default\">\n\t\t\t\t<div class=\"elementor-widget-container\">\n\t\t\t<h2 class=\"elementor-heading-title elementor-size-default\">La mia offerta<\/h2>\t\t<\/div>\n\t\t\t\t<\/div>\n\t\t\t\t\t<\/div>\n\t\t<\/div>\n\t\t\t\t\t<\/div>\n\t\t<\/section>\n\t\t\t\t<section class=\"elementor-section elementor-top-section elementor-element elementor-element-c17132a elementor-section-full_width elementor-reverse-tablet elementor-section-height-default elementor-section-height-default\" data-id=\"c17132a\" data-element_type=\"section\">\n\t\t\t\t\t\t<div class=\"elementor-container elementor-column-gap-default\">\n\t\t\t\t\t<div class=\"elementor-column elementor-col-50 elementor-top-column elementor-element elementor-element-b45d29e\" data-id=\"b45d29e\" data-element_type=\"column\">\n\t\t\t<div class=\"elementor-widget-wrap elementor-element-populated\">\n\t\t\t\t\t\t<div class=\"elementor-element elementor-element-a351439 elementor-widget elementor-widget-image\" data-id=\"a351439\" data-element_type=\"widget\" data-widget_type=\"image.default\">\n\t\t\t\t<div class=\"elementor-widget-container\">\n\t\t\t\t\t\t\t\t\t\t\t\t\t<img fetchpriority=\"high\" decoding=\"async\" width=\"800\" height=\"701\" src=\"http:\/\/www.tomaschett-praxis.ch\/wp-content\/uploads\/2021\/01\/7-1024x897.png\" class=\"attachment-large size-large wp-image-30164\" alt=\"\" srcset=\"http:\/\/www.tomaschett-praxis.ch\/wp-content\/uploads\/2021\/01\/7-1024x897.png 1024w, http:\/\/www.tomaschett-praxis.ch\/wp-content\/uploads\/2021\/01\/7-300x263.png 300w, http:\/\/www.tomaschett-praxis.ch\/wp-content\/uploads\/2021\/01\/7-768x673.png 768w, http:\/\/www.tomaschett-praxis.ch\/wp-content\/uploads\/2021\/01\/7-1536x1345.png 1536w, http:\/\/www.tomaschett-praxis.ch\/wp-content\/uploads\/2021\/01\/7.png 1603w\" sizes=\"(max-width: 800px) 100vw, 800px\" \/>\t\t\t\t\t\t\t\t\t\t\t\t\t<\/div>\n\t\t\t\t<\/div>\n\t\t\t\t\t<\/div>\n\t\t<\/div>\n\t\t\t\t<div class=\"elementor-column elementor-col-50 elementor-top-column elementor-element elementor-element-cbebbb7\" data-id=\"cbebbb7\" data-element_type=\"column\">\n\t\t\t<div class=\"elementor-widget-wrap elementor-element-populated\">\n\t\t\t\t\t\t<div class=\"elementor-element elementor-element-33930b0 elementor-widget elementor-widget-heading\" data-id=\"33930b0\" data-element_type=\"widget\" data-widget_type=\"heading.default\">\n\t\t\t\t<div class=\"elementor-widget-container\">\n\t\t\t<h5 class=\"elementor-heading-title elementor-size-default\">Consulenza e psicoterapia per bambini, adolescenti, adulti e famiglie in 5 lingue.<\/h5>\t\t<\/div>\n\t\t\t\t<\/div>\n\t\t\t\t<div class=\"elementor-element elementor-element-8d37f15 elementor-widget elementor-widget-text-editor\" data-id=\"8d37f15\" data-element_type=\"widget\" data-widget_type=\"text-editor.default\">\n\t\t\t\t<div class=\"elementor-widget-container\">\n\t\t\t\t\t\t\t<p style=\"text-align: left;\">La mia offerta psicologica e psicoterapeutica \u00e8 rivolta psicologica e psicoterapeutica \u00e8 rivolta a tutte le persone che si trovano ad affrontare difficolt\u00e0 personali e\/o relazionali.<\/p>\n<p>Un intervento terapeutico vi permetter\u00e0 di riattivare le vostre risorse per affrontare il cambiamento. Mi sta a cuore di creare un clima di fiducia e di empatia con i miei clienti. \nIl processo terapeutico significa per me mettersi in cammino insieme, l'uno accompagna e l'altro \u00e8 accompagnato.<\/p>\n<p>Possibili aree d'intervento<span class=\"Apple-converted-space\">&nbsp;<\/span><\/p>\n<ul>\n<li>Ansia e panico<span class=\"Apple-converted-space\">&nbsp;<\/span><\/li>\n<li>Depressione<\/li>\n<li>Disagio e problemi relazionali<\/li>\n<li>Bassi livelli di autostima<\/li>\n<li>Transizioni e cambiamenti<\/li>\n<li>Eventi di perdita e lutto<\/li>\n<li>Violenza, maltrattamenti e abusi<\/li><\/ul>\t\t\t\t\t\t<\/div>\n\t\t\t\t<\/div>\n\t\t\t\t<div class=\"elementor-element elementor-element-99600b3 elementor-widget elementor-widget-text-editor\" data-id=\"99600b3\" data-element_type=\"widget\" data-widget_type=\"text-editor.default\">\n\t\t\t\t<div class=\"elementor-widget-container\">\n\t\t\t\t\t\t\tInoltre, accompagno futuri psicoterapeuti nella loro autoformazione. \t\t\t\t\t\t<\/div>\n\t\t\t\t<\/div>\n\t\t\t\t\t<\/div>\n\t\t<\/div>\n\t\t\t\t\t<\/div>\n\t\t<\/section>\n\t\t\t\t<section class=\"elementor-section elementor-top-section elementor-element elementor-element-8322c97 elementor-section-full_width elementor-section-height-default elementor-section-height-default\" data-id=\"8322c97\" data-element_type=\"section\">\n\t\t\t\t\t\t<div class=\"elementor-container elementor-column-gap-default\">\n\t\t\t\t\t<div class=\"elementor-column elementor-col-50 elementor-top-column elementor-element elementor-element-7d83869\" data-id=\"7d83869\" data-element_type=\"column\">\n\t\t\t<div class=\"elementor-widget-wrap elementor-element-populated\">\n\t\t\t\t\t\t<div class=\"elementor-element elementor-element-de04e24 elementor-widget elementor-widget-heading\" data-id=\"de04e24\" data-element_type=\"widget\" data-widget_type=\"heading.default\">\n\t\t\t\t<div class=\"elementor-widget-container\">\n\t\t\t<h5 class=\"elementor-heading-title elementor-size-default\">Sostegno alla genitorialit\u00e0<\/h5>\t\t<\/div>\n\t\t\t\t<\/div>\n\t\t\t\t<div class=\"elementor-element elementor-element-0cbbf35 elementor-widget elementor-widget-text-editor\" data-id=\"0cbbf35\" data-element_type=\"widget\" data-widget_type=\"text-editor.default\">\n\t\t\t\t<div class=\"elementor-widget-container\">\n\t\t\t\t\t\t\t<p>Crescere i figli \u00e8 un'impresa creativa e molto complessa per tutti i genitori. Madre e padre devono negoziare, mettersi d'accordo e definire stili di educazione. Molte situazioni e crisi rappresentano spesso una sfida enorme per l'intera famiglia fino a mettere a rischio le capacit\u00e0 genitoriali.<br \/><br \/>Motivi di consulenza frequenti<\/p><ul><li>Vorremmo rafforzare le nostre capacit\u00e0 genitoriali<\/li><li>Il nostro figlio sta entrando in una fase nuova<\/li><li>I comportamenti di mio figlio mi stanno preoccupando <span class=\"Apple-converted-space\">\u00a0<\/span><\/li><li>Nostro figlio fa fatica ad esprimere le sue emozioni forti<\/li><li>La nostra famiglia sta attraversando un grande cambiamento<span class=\"Apple-converted-space\">\u00a0<\/span><\/li><\/ul>\t\t\t\t\t\t<\/div>\n\t\t\t\t<\/div>\n\t\t\t\t<div class=\"elementor-element elementor-element-fac7025 elementor-widget elementor-widget-heading\" data-id=\"fac7025\" data-element_type=\"widget\" data-widget_type=\"heading.default\">\n\t\t\t\t<div class=\"elementor-widget-container\">\n\t\t\t<h5 class=\"elementor-heading-title elementor-size-default\">Adozione<\/h5>\t\t<\/div>\n\t\t\t\t<\/div>\n\t\t\t\t<div class=\"elementor-element elementor-element-289ad5b elementor-widget elementor-widget-text-editor\" data-id=\"289ad5b\" data-element_type=\"widget\" data-widget_type=\"text-editor.default\">\n\t\t\t\t<div class=\"elementor-widget-container\">\n\t\t\t\t\t\t\tColloquii e relazioni psicologiche per coppie che desiderano adottare un bambino. \t\t\t\t\t\t<\/div>\n\t\t\t\t<\/div>\n\t\t\t\t\t<\/div>\n\t\t<\/div>\n\t\t\t\t<div class=\"elementor-column elementor-col-50 elementor-top-column elementor-element elementor-element-05a073a\" data-id=\"05a073a\" data-element_type=\"column\" data-settings=\"{&quot;background_background&quot;:&quot;classic&quot;}\">\n\t\t\t<div class=\"elementor-widget-wrap elementor-element-populated\">\n\t\t\t\t\t\t<div class=\"elementor-element elementor-element-faeecfa elementor-widget elementor-widget-image\" data-id=\"faeecfa\" data-element_type=\"widget\" data-widget_type=\"image.default\">\n\t\t\t\t<div class=\"elementor-widget-container\">\n\t\t\t\t\t\t\t\t\t\t\t\t\t<img decoding=\"async\" width=\"800\" height=\"450\" src=\"http:\/\/www.tomaschett-praxis.ch\/wp-content\/uploads\/2020\/12\/8-1024x576.png\" class=\"attachment-large size-large wp-image-29243\" alt=\"\" srcset=\"http:\/\/www.tomaschett-praxis.ch\/wp-content\/uploads\/2020\/12\/8-1024x576.png 1024w, http:\/\/www.tomaschett-praxis.ch\/wp-content\/uploads\/2020\/12\/8-300x169.png 300w, http:\/\/www.tomaschett-praxis.ch\/wp-content\/uploads\/2020\/12\/8-768x432.png 768w, http:\/\/www.tomaschett-praxis.ch\/wp-content\/uploads\/2020\/12\/8-1536x864.png 1536w, http:\/\/www.tomaschett-praxis.ch\/wp-content\/uploads\/2020\/12\/8-2048x1152.png 2048w\" sizes=\"(max-width: 800px) 100vw, 800px\" \/>\t\t\t\t\t\t\t\t\t\t\t\t\t<\/div>\n\t\t\t\t<\/div>\n\t\t\t\t<div class=\"elementor-element elementor-element-db9b4e4 elementor-widget elementor-widget-heading\" data-id=\"db9b4e4\" data-element_type=\"widget\" data-widget_type=\"heading.default\">\n\t\t\t\t<div class=\"elementor-widget-container\">\n\t\t\t<h5 class=\"elementor-heading-title elementor-size-default\">Rimborso<\/h5>\t\t<\/div>\n\t\t\t\t<\/div>\n\t\t\t\t<div class=\"elementor-element elementor-element-4d8f50d elementor-widget elementor-widget-text-editor\" data-id=\"4d8f50d\" data-element_type=\"widget\" data-widget_type=\"text-editor.default\">\n\t\t\t\t<div class=\"elementor-widget-container\">\n\t\t\t\t\t\t\tLe sedute terapeutiche vengongo rimborsate dall'assicurazone di base della cassa malati. In alcuni casi, il finanziamento pu\u00f2 essere fornito dall'Aiuto alle Vittime (Opferberatung). \t\t\t\t\t\t<\/div>\n\t\t\t\t<\/div>\n\t\t\t\t\t<\/div>\n\t\t<\/div>\n\t\t\t\t\t<\/div>\n\t\t<\/section>\n\t\t\t\t<section class=\"elementor-section elementor-top-section elementor-element elementor-element-ec47748 elementor-section-height-min-height elementor-section-items-stretch elementor-section-full_width elementor-section-height-default\" data-id=\"ec47748\" data-element_type=\"section\">\n\t\t\t\t\t\t<div class=\"elementor-container elementor-column-gap-default\">\n\t\t\t\t\t<div class=\"elementor-column elementor-col-100 elementor-top-column elementor-element elementor-element-c1a943a\" data-id=\"c1a943a\" data-element_type=\"column\" data-settings=\"{&quot;background_background&quot;:&quot;classic&quot;,&quot;background_motion_fx_motion_fx_scrolling&quot;:&quot;yes&quot;,&quot;background_motion_fx_translateY_effect&quot;:&quot;yes&quot;,&quot;background_motion_fx_translateY_speed&quot;:{&quot;unit&quot;:&quot;px&quot;,&quot;size&quot;:4,&quot;sizes&quot;:[]},&quot;background_motion_fx_translateY_affectedRange&quot;:{&quot;unit&quot;:&quot;%&quot;,&quot;size&quot;:&quot;&quot;,&quot;sizes&quot;:{&quot;start&quot;:0,&quot;end&quot;:100}},&quot;background_motion_fx_devices&quot;:[&quot;desktop&quot;,&quot;tablet&quot;,&quot;mobile&quot;]}\">\n\t\t\t<div class=\"elementor-widget-wrap elementor-element-populated\">\n\t\t\t\t\t<div class=\"elementor-background-overlay\"><\/div>\n\t\t\t\t\t\t<div class=\"elementor-element elementor-element-a57dbf5 elementor-widget elementor-widget-spacer\" data-id=\"a57dbf5\" data-element_type=\"widget\" data-widget_type=\"spacer.default\">\n\t\t\t\t<div class=\"elementor-widget-container\">\n\t\t\t\t\t<div class=\"elementor-spacer\">\n\t\t\t<div class=\"elementor-spacer-inner\"><\/div>\n\t\t<\/div>\n\t\t\t\t<\/div>\n\t\t\t\t<\/div>\n\t\t\t\t\t<\/div>\n\t\t<\/div>\n\t\t\t\t\t<\/div>\n\t\t<\/section>\n\t\t\t\t<section class=\"elementor-section elementor-top-section elementor-element elementor-element-a383461 elementor-section-full_width elementor-section-height-default elementor-section-height-default\" data-id=\"a383461\" data-element_type=\"section\">\n\t\t\t\t\t\t<div class=\"elementor-container elementor-column-gap-default\">\n\t\t\t\t\t<div class=\"elementor-column elementor-col-100 elementor-top-column elementor-element elementor-element-799bc77\" data-id=\"799bc77\" data-element_type=\"column\" data-settings=\"{&quot;background_background&quot;:&quot;classic&quot;}\">\n\t\t\t<div class=\"elementor-widget-wrap elementor-element-populated\">\n\t\t\t\t\t<div class=\"elementor-background-overlay\"><\/div>\n\t\t\t\t\t\t<div class=\"elementor-element elementor-element-b2cfe2d elementor-widget elementor-widget-heading\" data-id=\"b2cfe2d\" data-element_type=\"widget\" data-widget_type=\"heading.default\">\n\t\t\t\t<div class=\"elementor-widget-container\">\n\t\t\t<h1 class=\"elementor-heading-title elementor-size-default\">Vuoi migliorare la tua vita, le tue relazioni e la tua situazione?<\/h1>\t\t<\/div>\n\t\t\t\t<\/div>\n\t\t\t\t<div class=\"elementor-element elementor-element-5953c1a elementor-widget elementor-widget-text-editor\" data-id=\"5953c1a\" data-element_type=\"widget\" data-widget_type=\"text-editor.default\">\n\t\t\t\t<div class=\"elementor-widget-container\">\n\t\t\t\t\t\t\t<b>Contattami per un primo consulto.<\/b> \t\t\t\t\t\t<\/div>\n\t\t\t\t<\/div>\n\t\t\t\t<div class=\"elementor-element elementor-element-965243d elementor-align-center elementor-invisible elementor-widget elementor-widget-button\" data-id=\"965243d\" data-element_type=\"widget\" data-settings=\"{&quot;_animation&quot;:&quot;fadeInDown&quot;}\" data-widget_type=\"button.default\">\n\t\t\t\t<div class=\"elementor-widget-container\">\n\t\t\t\t\t<div class=\"elementor-button-wrapper\">\n\t\t\t<a class=\"elementor-button elementor-button-link elementor-size-lg\" href=\"tel:0799405485\">\n\t\t\t\t\t\t<span class=\"elementor-button-content-wrapper\">\n\t\t\t\t\t\t\t\t\t<span class=\"elementor-button-text\">079 940 54 85<\/span>\n\t\t\t\t\t<\/span>\n\t\t\t\t\t<\/a>\n\t\t<\/div>\n\t\t\t\t<\/div>\n\t\t\t\t<\/div>\n\t\t\t\t\t<\/div>\n\t\t<\/div>\n\t\t\t\t\t<\/div>\n\t\t<\/section>\n\t\t\t\t<\/div>","protected":false},"excerpt":{"rendered":"<p>Mein Angebot Beratung und Psychotherapie f\u00fcr Kinder, Jugendliche, Erwachsene und Familien in 5 Sprachen. Mein psychologisches&nbsp;und psychotherapeutisches&nbsp;Angebot richtet&nbsp;sich an alle Menschen, die mit pers\u00f6nlichen und \/ oder Beziehungsschwierigkeiten konfrontiert sind. Eine psychologische Behandlung wird es Ihnen erm\u00f6glichen, Ihre Ressourcen zu reaktivieren, um eine Ver\u00e4nderung in Gang zu bringen. Es liegt mir am Herzen, f\u00fcr meine [&hellip;]<\/p>","protected":false},"author":4,"featured_media":30800,"parent":0,"menu_order":2,"comment_status":"closed","ping_status":"closed","template":"elementor_header_footer","meta":{"footnotes":""},"class_list":["post-28915","page","type-page","status-publish","has-post-thumbnail","hentry"],"yoast_head":"<!-- This site is optimized with the Yoast SEO plugin v23.2 - https:\/\/yoast.com\/wordpress\/plugins\/seo\/ -->\n<title>Angebot - Manuela Tomaschett<\/title>\n<meta name=\"description\" content=\"Beratung und Psychotherapie f\u00fcr Kinder, Jugendliche, Erwachsene und Familien in 5 Sprachen.\" \/>\n<meta name=\"robots\" content=\"index, follow, max-snippet:-1, max-image-preview:large, max-video-preview:-1\" \/>\n<link rel=\"canonical\" href=\"http:\/\/www.tomaschett-praxis.ch\/it\/angebot\/\" \/>\n<meta property=\"og:locale\" content=\"it_IT\" \/>\n<meta property=\"og:type\" content=\"article\" \/>\n<meta property=\"og:title\" content=\"Angebot - Manuela Tomaschett\" \/>\n<meta property=\"og:description\" content=\"Beratung und Psychotherapie f\u00fcr Kinder, Jugendliche, Erwachsene und Familien in 5 Sprachen.\" \/>\n<meta property=\"og:url\" content=\"http:\/\/www.tomaschett-praxis.ch\/it\/angebot\/\" \/>\n<meta property=\"og:site_name\" content=\"Manuela Tomaschett\" \/>\n<meta property=\"article:modified_time\" content=\"2023-04-27T13:24:08+00:00\" \/>\n<meta property=\"og:image\" content=\"https:\/\/www.tomaschett-praxis.ch\/wp-content\/uploads\/2021\/12\/Manuela-1.jpg\" \/>\n\t<meta property=\"og:image:width\" content=\"1024\" \/>\n\t<meta property=\"og:image:height\" content=\"1024\" \/>\n\t<meta property=\"og:image:type\" content=\"image\/jpeg\" \/>\n<meta name=\"twitter:card\" content=\"summary_large_image\" \/>\n<meta name=\"twitter:label1\" content=\"Tempo di lettura stimato\" \/>\n\t<meta name=\"twitter:data1\" content=\"2 minuti\" \/>\n<script type=\"application\/ld+json\" class=\"yoast-schema-graph\">{\"@context\":\"https:\/\/schema.org\",\"@graph\":[{\"@type\":\"WebPage\",\"@id\":\"https:\/\/www.tomaschett-praxis.ch\/angebot\/\",\"url\":\"https:\/\/www.tomaschett-praxis.ch\/angebot\/\",\"name\":\"Angebot - Manuela Tomaschett\",\"isPartOf\":{\"@id\":\"https:\/\/www.tomaschett-praxis.ch\/es\/#website\"},\"primaryImageOfPage\":{\"@id\":\"https:\/\/www.tomaschett-praxis.ch\/angebot\/#primaryimage\"},\"image\":{\"@id\":\"https:\/\/www.tomaschett-praxis.ch\/angebot\/#primaryimage\"},\"thumbnailUrl\":\"http:\/\/www.tomaschett-praxis.ch\/wp-content\/uploads\/2021\/12\/Manuela-1.jpg\",\"datePublished\":\"2020-12-10T10:05:26+00:00\",\"dateModified\":\"2023-04-27T13:24:08+00:00\",\"description\":\"Beratung und Psychotherapie f\u00fcr Kinder, Jugendliche, Erwachsene und Familien in 5 Sprachen.\",\"breadcrumb\":{\"@id\":\"https:\/\/www.tomaschett-praxis.ch\/angebot\/#breadcrumb\"},\"inLanguage\":\"it-IT\",\"potentialAction\":[{\"@type\":\"ReadAction\",\"target\":[\"https:\/\/www.tomaschett-praxis.ch\/angebot\/\"]}]},{\"@type\":\"ImageObject\",\"inLanguage\":\"it-IT\",\"@id\":\"https:\/\/www.tomaschett-praxis.ch\/angebot\/#primaryimage\",\"url\":\"http:\/\/www.tomaschett-praxis.ch\/wp-content\/uploads\/2021\/12\/Manuela-1.jpg\",\"contentUrl\":\"http:\/\/www.tomaschett-praxis.ch\/wp-content\/uploads\/2021\/12\/Manuela-1.jpg\",\"width\":1024,\"height\":1024},{\"@type\":\"BreadcrumbList\",\"@id\":\"https:\/\/www.tomaschett-praxis.ch\/angebot\/#breadcrumb\",\"itemListElement\":[{\"@type\":\"ListItem\",\"position\":1,\"name\":\"Home\",\"item\":\"https:\/\/www.tomaschett-praxis.ch\/es\/\"},{\"@type\":\"ListItem\",\"position\":2,\"name\":\"Angebot\"}]},{\"@type\":\"WebSite\",\"@id\":\"https:\/\/www.tomaschett-praxis.ch\/es\/#website\",\"url\":\"https:\/\/www.tomaschett-praxis.ch\/es\/\",\"name\":\"Manuela Tomaschett\",\"description\":\"Home\",\"inLanguage\":\"it-IT\"}]}<\/script>\n<!-- \/ Yoast SEO plugin. -->","yoast_head_json":{"title":"Angebot - Manuela Tomaschett","description":"Beratung und Psychotherapie f\u00fcr Kinder, Jugendliche, Erwachsene und Familien in 5 Sprachen.","robots":{"index":"index","follow":"follow","max-snippet":"max-snippet:-1","max-image-preview":"max-image-preview:large","max-video-preview":"max-video-preview:-1"},"canonical":"http:\/\/www.tomaschett-praxis.ch\/it\/angebot\/","og_locale":"it_IT","og_type":"article","og_title":"Angebot - Manuela Tomaschett","og_description":"Beratung und Psychotherapie f\u00fcr Kinder, Jugendliche, Erwachsene und Familien in 5 Sprachen.","og_url":"http:\/\/www.tomaschett-praxis.ch\/it\/angebot\/","og_site_name":"Manuela Tomaschett","article_modified_time":"2023-04-27T13:24:08+00:00","og_image":[{"width":1024,"height":1024,"url":"https:\/\/www.tomaschett-praxis.ch\/wp-content\/uploads\/2021\/12\/Manuela-1.jpg","type":"image\/jpeg"}],"twitter_card":"summary_large_image","twitter_misc":{"Tempo di lettura stimato":"2 minuti"},"schema":{"@context":"https:\/\/schema.org","@graph":[{"@type":"WebPage","@id":"https:\/\/www.tomaschett-praxis.ch\/angebot\/","url":"https:\/\/www.tomaschett-praxis.ch\/angebot\/","name":"Angebot - Manuela Tomaschett","isPartOf":{"@id":"https:\/\/www.tomaschett-praxis.ch\/es\/#website"},"primaryImageOfPage":{"@id":"https:\/\/www.tomaschett-praxis.ch\/angebot\/#primaryimage"},"image":{"@id":"https:\/\/www.tomaschett-praxis.ch\/angebot\/#primaryimage"},"thumbnailUrl":"http:\/\/www.tomaschett-praxis.ch\/wp-content\/uploads\/2021\/12\/Manuela-1.jpg","datePublished":"2020-12-10T10:05:26+00:00","dateModified":"2023-04-27T13:24:08+00:00","description":"Beratung und Psychotherapie f\u00fcr Kinder, Jugendliche, Erwachsene und Familien in 5 Sprachen.","breadcrumb":{"@id":"https:\/\/www.tomaschett-praxis.ch\/angebot\/#breadcrumb"},"inLanguage":"it-IT","potentialAction":[{"@type":"ReadAction","target":["https:\/\/www.tomaschett-praxis.ch\/angebot\/"]}]},{"@type":"ImageObject","inLanguage":"it-IT","@id":"https:\/\/www.tomaschett-praxis.ch\/angebot\/#primaryimage","url":"http:\/\/www.tomaschett-praxis.ch\/wp-content\/uploads\/2021\/12\/Manuela-1.jpg","contentUrl":"http:\/\/www.tomaschett-praxis.ch\/wp-content\/uploads\/2021\/12\/Manuela-1.jpg","width":1024,"height":1024},{"@type":"BreadcrumbList","@id":"https:\/\/www.tomaschett-praxis.ch\/angebot\/#breadcrumb","itemListElement":[{"@type":"ListItem","position":1,"name":"Home","item":"https:\/\/www.tomaschett-praxis.ch\/es\/"},{"@type":"ListItem","position":2,"name":"Angebot"}]},{"@type":"WebSite","@id":"https:\/\/www.tomaschett-praxis.ch\/es\/#website","url":"https:\/\/www.tomaschett-praxis.ch\/es\/","name":"Manuela Tomaschett","description":"Home","inLanguage":"it-IT"}]}},"_links":{"self":[{"href":"http:\/\/www.tomaschett-praxis.ch\/it\/wp-json\/wp\/v2\/pages\/28915"}],"collection":[{"href":"http:\/\/www.tomaschett-praxis.ch\/it\/wp-json\/wp\/v2\/pages"}],"about":[{"href":"http:\/\/www.tomaschett-praxis.ch\/it\/wp-json\/wp\/v2\/types\/page"}],"author":[{"embeddable":true,"href":"http:\/\/www.tomaschett-praxis.ch\/it\/wp-json\/wp\/v2\/users\/4"}],"replies":[{"embeddable":true,"href":"http:\/\/www.tomaschett-praxis.ch\/it\/wp-json\/wp\/v2\/comments?post=28915"}],"version-history":[{"count":252,"href":"http:\/\/www.tomaschett-praxis.ch\/it\/wp-json\/wp\/v2\/pages\/28915\/revisions"}],"predecessor-version":[{"id":31102,"href":"http:\/\/www.tomaschett-praxis.ch\/it\/wp-json\/wp\/v2\/pages\/28915\/revisions\/31102"}],"wp:featuredmedia":[{"embeddable":true,"href":"http:\/\/www.tomaschett-praxis.ch\/it\/wp-json\/wp\/v2\/media\/30800"}],"wp:attachment":[{"href":"http:\/\/www.tomaschett-praxis.ch\/it\/wp-json\/wp\/v2\/media?parent=28915"}],"curies":[{"name":"wp","href":"https:\/\/api.w.org\/{rel}","templated":true}]}}